{"id":494,"date":"2017-10-03T08:20:52","date_gmt":"2017-10-03T08:20:52","guid":{"rendered":"http:\/\/ovoda.csillagberek.hu\/?page_id=494"},"modified":"2026-03-31T16:27:33","modified_gmt":"2026-03-31T16:27:33","slug":"eloadasok","status":"publish","type":"page","link":"https:\/\/ovoda.csillagberek.hu\/?page_id=494","title":{"rendered":"El\u0151ad\u00e1sok"},"content":{"rendered":"<p>Kedves Waldorf-\u00e9rdekl\u0151d\u00e9s\u0171, vagy m\u00e1r waldorfos sz\u00fcl\u0151, pedag\u00f3gus!<\/p>\n<p>HA SZERETN\u00c9L \u00c9RTES\u00dcLNI EL\u0150AD\u00c1SAINKR\u00d3L \u00c9S KIADV\u00c1NYAINKR\u00d3L, EZEN A LINKEN FELIRATKOZHATSZ H\u00cdRLEVEL\u00dcNKRE: <a href=\"https:\/\/csillagberek.us16.list-manage.com\/subscribe?u=5ea9320ffc043a09c2c2402b1&amp;id=ddd5d2d4e2\" target=\"_blank\" rel=\"noopener\"><strong><span class=\"has-inline-color has-blue-color\">h\u00edrlev\u00e9l<\/span><\/strong><\/a><\/p>\n<p>A Csillagberek Waldorf \u00d3voda imm\u00e1r hagyom\u00e1nyosan tan\u00e9venk\u00e9nt n\u00e9h\u00e1ny alkalommal el\u0151ad\u00e1st szervez olyan \u00e9rdekes t\u00e9mak\u00f6r\u00f6kben, amelyek r\u00e9v\u00e9n m\u00e9g k\u00f6zelebb ker\u00fclhet\u00fcnk gyermekeinkhez, jobban meg\u00e9rtve \u0151ket, seg\u00edtve \u0151ket a boldog gyermekkoron \u00e1t a boldog feln\u0151tt\u00e9 v\u00e1l\u00e1sban. Neves, szak\u00e9rt\u0151 el\u0151ad\u00f3ink sok hasznos gondolatot osztanak meg vel\u00fcnk ezen el\u0151ad\u00e1sok sor\u00e1n.<\/p>\n<h2>2025\/26-os nevel\u00e9si \u00e9v el\u0151ad\u00e1sai<\/h2>\n<p><strong>Kamar\u00e1s Edina: Gy\u00f3gy\u00edt\u00f3 technik\u00e1k<\/strong> (2026. m\u00e1rcius 26., cs\u00fct\u00f6rt\u00f6k 18h)<\/p>\n<p>Az el\u0151ad\u00e1son olyan szeml\u00e9letekkel ismerkedhetsz meg, amelyek a test \u00f6ngy\u00f3gy\u00edt\u00f3 k\u00e9pess\u00e9g\u00e9t helyezik k\u00f6z\u00e9ppontba. Az ember testi, lelki \u00e9s szellemi egys\u00e9g\u00e9re tekint\u00fcnk r\u00e1 k\u00fcl\u00f6nb\u00f6z\u0151 n\u00e9z\u0151pontokb\u00f3l.<br \/>\nSz\u00f3 lesz a dentoz\u00f3fi\u00e1r\u00f3l, amely a fogakon \u00e9s az \u00e1llkapcson kereszt\u00fcl az eg\u00e9sz embert sz\u00f3l\u00edtja meg \u00e9s seg\u00edt m\u00e9lyebb egyens\u00falyhoz jutni. Megn\u00e9zz\u00fck, hogyan kapcsol\u00f3dik a harap\u00e1s a testtart\u00e1shoz \u00e9s az idegrendszerhez.<br \/>\nBemutatjuk a craniosacralis ter\u00e1pia biodinamikus szeml\u00e9let\u00e9t, amely finom \u00e9rint\u00e9ssel dolgozik a test bels\u0151 ritmusait alapul v\u00e9ve. Ez a megk\u00f6zel\u00edt\u00e9s teret ad annak, hogy a test saj\u00e1t v\u00e1laszai megjelenjenek.<br \/>\nAz el\u0151ad\u00e1s r\u00e9sze lesz a hapton\u00f3mia is, amely az \u00e9rint\u00e9st mint kapcsol\u00f3d\u00e1st \u00e9s biztons\u00e1got hordoz\u00f3 \u00e9lm\u00e9nyt mutatja meg, magzati l\u00e9t\u00fcnk kezdet\u00e9t\u0151l.<br \/>\nAz elm\u00e9leti gondolatokat egyszer\u0171, \u00e9rz\u00e9kel\u00e9st seg\u00edt\u0151 gyakorlatok teszik majd \u00e1t\u00e9lhet\u0151v\u00e9.<br \/>\nSzeretettel v\u00e1runk mindenkit, aki nyitott az ember m\u00e9lyebb \u00f6sszef\u00fcgg\u00e9seinek megismer\u00e9s\u00e9re.<\/p>\n<p>Az el\u0151ad\u00e1st tartja Kamar\u00e1s Edina Integr\u00e1lt Craniosacralis terapeuta, waldorf pedag\u00f3gus, \u00e9s egyben \u00d3vod\u00e1nk sz\u00fcl\u0151i k\u00f6r\u00e9nek a tagja.<\/p>\n<p>Az el\u0151ad\u00e1s helysz\u00edne \u00e9s id\u0151pontja: \u00d3vod\u00e1nk, 2026.03.26, cs\u00fct\u00f6rt\u00f6k 18:00.<\/p>\n<p>R\u00e9szv\u00e9teli sz\u00e1nd\u00e9kodat k\u00e9rlek a k\u00f6vetkez\u0151 liken jelezd: <strong><a href=\"https:\/\/forms.gle\/LxWhnk5qYWAKMx53A\">LINK<\/a><\/strong><\/p>\n<p>Az esem\u00e9ny feln\u0151tt k\u00f6z\u00f6ns\u00e9gnek sz\u00f3l, \u00edgy k\u00e9rj\u00fck, hogy gyermek n\u00e9lk\u00fcl \u00e9rkezzetek.<\/p>\n<p><a href=\"https:\/\/ovoda.csillagberek.hu\/wp-content\/uploads\/2026\/03\/edinaE.png\"><img loading=\"lazy\" class=\"alignnone wp-image-1665 size-medium\" src=\"https:\/\/ovoda.csillagberek.hu\/wp-content\/uploads\/2026\/03\/edinaE-632x332.png\" alt=\"\" width=\"632\" height=\"332\" srcset=\"https:\/\/ovoda.csillagberek.hu\/wp-content\/uploads\/2026\/03\/edinaE-632x332.png 632w, https:\/\/ovoda.csillagberek.hu\/wp-content\/uploads\/2026\/03\/edinaE-1020x536.png 1020w, https:\/\/ovoda.csillagberek.hu\/wp-content\/uploads\/2026\/03\/edinaE-768x403.png 768w, https:\/\/ovoda.csillagberek.hu\/wp-content\/uploads\/2026\/03\/edinaE-624x328.png 624w, https:\/\/ovoda.csillagberek.hu\/wp-content\/uploads\/2026\/03\/edinaE.png 1200w\" sizes=\"(max-width: 632px) 100vw, 632px\" \/><\/a><\/p>\n<p><strong>B\u00f3na L\u00e1szl\u00f3: Ki seg\u00edt kinek? Kinek mi a seg\u00edts\u00e9g?<\/strong> (2025. december 4., cs\u00fct\u00f6rt\u00f6k 18h)<\/p>\n<p dir=\"ltr\">Hogyan seg\u00edts\u00fcnk j\u00f3l? Lehet-e egy\u00e1ltal\u00e1n seg\u00edteni? Mindenki seg\u00edteni akar mindenkin. Hova vezet ez a nagy seg\u00edteni akar\u00e1s?<br \/>\nNa de akkor ne is seg\u00edts\u00fcnk?<\/p>\n<p dir=\"ltr\"><span class=\"d2edcug0 hpfvmrgz qv66sw1b c1et5uql lr9zc1uh a8c37x1j keod5gw0 nxhoafnm aigsh9s9 d3f4x2em fe6kdd0r mau55g9w c8b282yb iv3no6db jq4qci2q a3bd9o3v b1v8xokw oo9gr5id\" dir=\"auto\">B\u00f3na L\u00e1szl\u00f3 \u00edr\u00f3, el\u0151ad\u00f3, tan\u00e1r, rendez\u0151 \u00e9s homeop\u00e1ti\u00e1s tan\u00e1csad\u00f3val m\u00e9lyed\u00fcnk el a seg\u00edts\u00e9gny\u00fajt\u00e1s k\u00fcl\u00f6nb\u00f6z\u0151 form\u00e1iban, fejtegetj\u00fck hat\u00e1rait \u00e9s pr\u00f3b\u00e1ljuk megl\u00e1tni val\u00f3di l\u00e9nyeg\u00e9t.<\/span><\/p>\n<p dir=\"ltr\"><a href=\"https:\/\/ovoda.csillagberek.hu\/wp-content\/uploads\/2025\/11\/Bona-laszlo-az-ovodankba-latogat.png\"><img loading=\"lazy\" class=\"alignnone size-medium wp-image-1591\" src=\"https:\/\/ovoda.csillagberek.hu\/wp-content\/uploads\/2025\/11\/Bona-laszlo-az-ovodankba-latogat-632x332.png\" alt=\"\" width=\"632\" height=\"332\" srcset=\"https:\/\/ovoda.csillagberek.hu\/wp-content\/uploads\/2025\/11\/Bona-laszlo-az-ovodankba-latogat-632x332.png 632w, https:\/\/ovoda.csillagberek.hu\/wp-content\/uploads\/2025\/11\/Bona-laszlo-az-ovodankba-latogat-1020x536.png 1020w, https:\/\/ovoda.csillagberek.hu\/wp-content\/uploads\/2025\/11\/Bona-laszlo-az-ovodankba-latogat-768x403.png 768w, https:\/\/ovoda.csillagberek.hu\/wp-content\/uploads\/2025\/11\/Bona-laszlo-az-ovodankba-latogat-624x328.png 624w, https:\/\/ovoda.csillagberek.hu\/wp-content\/uploads\/2025\/11\/Bona-laszlo-az-ovodankba-latogat.png 1200w\" sizes=\"(max-width: 632px) 100vw, 632px\" \/><\/a><\/p>\n<p dir=\"ltr\">\n<p dir=\"ltr\">\n<h2>2024\/25-\u00f6s nevel\u00e9si \u00e9v el\u0151ad\u00e1sai<\/h2>\n<p><strong>F\u00fcst\u00f6s M\u00f3ni: Hat\u00e1rh\u00faz\u00e1s \u00e9s hat\u00e1rtart\u00e1s kapcsol\u00f3dva<\/strong> (2025. m\u00e1rcius 13., cs\u00fct\u00f6rt\u00f6k 18h)<\/p>\n<p dir=\"ltr\">El\u0151ad\u00f3nk F\u00fcst\u00f6s M\u00f3ni, h\u00e1rom kisgyerek anyuk\u00e1ja, aki neurodiverz szeml\u00e9let\u0171 Pozit\u00edv Fegyelmez\u00e9s sz\u00fcl\u0151oktat\u00f3, \u00e9s egyben \u00d3vod\u00e1nk sz\u00fcl\u0151i k\u00f6r\u00e9nek is a tagja. M\u00f3ni r\u00f6vid \u00f6sszefoglal\u00f3ja az el\u0151ad\u00e1sr\u00f3l:<\/p>\n<p dir=\"ltr\">&#8220;A legt\u00f6bben azok k\u00f6z\u00fcl, akik ma kisgyerekeket nevel\u00fcnk, poroszos, tekinyt\u00e9lyelv\u0171 szeml\u00e9letben n\u0151tt\u00fcnk fel. Amikor sz\u00fcl\u0151v\u00e9 v\u00e1ltunk, sokan elhat\u00e1roztuk, hogy mi ezt, meg azt, nem fogjunk csin\u00e1lni a gyerek\u00fcnkkel. De felmer\u00fcl a k\u00e9rd\u00e9s, hogy mit csin\u00e1ljunk helyette?<br \/>\nAz elm\u00falt \u00e9vtizedekben rengeteg kutat\u00e1s foglalkozott azzal, hogy mi j\u00f3 a gyerekeknek \u00e9s mi nem. K\u00f6nyvt\u00e1rnyi irodalma van annak, hogy mennyire k\u00e1ros a testi feny\u00edt\u00e9s, a verb\u00e1lis agresszi\u00f3, vagy ak\u00e1r a b\u00fcntet\u00e9s, de ezzel p\u00e1rhuzamosan az is kider\u00fclt a kutat\u00e1sokb\u00f3l, hogy a gyerekeknek az sem j\u00f3, ha \u00e1tes\u00fcnk a l\u00f3 t\u00faloldal\u00e1ra, \u00e9s mindent megenged\u00fcnk nekik.<br \/>\nVeled is el\u0151fordult m\u00e1r, hogy egy k\u00e9nyes szitu\u00e1ci\u00f3ban sz\u00e9tfesz\u00edtettnek \u00e9rezted magad? Egyszerre kapcsoltak be a jelenleg elavultnak sz\u00e1m\u00edt\u00f3 mint\u00e1id \u00e9s az a sok inform\u00e1ci\u00f3, amit az \u00faj gyereknevel\u00e9si elvekr\u0151l, praktik\u00e1kr\u00f3l olvast\u00e1l?<br \/>\nEzen az el\u0151ad\u00e1son t\u00f6bbek k\u00f6z\u00f6tt azt j\u00e1rom k\u00f6rbe, hogy<br \/>\n-hogyan tal\u00e1ljuk meg az arany k\u00f6z\u00e9putat? Hogyan ne legy\u00fcnk t\u00fal merevek, de t\u00fal enged\u00e9kenyek se?<br \/>\n-hogyan h\u00fazzunk \u00fagy hat\u00e1rokat, hogy k\u00f6zben ne s\u00e9r\u00fclj\u00f6n a gyerek-sz\u00fcl\u0151 kapcsolat?&#8221;<\/p>\n<p><a href=\"https:\/\/ovoda.csillagberek.hu\/wp-content\/uploads\/2025\/05\/DSC_0239-scaled.jpg\"><img loading=\"lazy\" class=\"alignnone wp-image-1543 size-medium\" src=\"https:\/\/ovoda.csillagberek.hu\/wp-content\/uploads\/2025\/05\/DSC_0239-632x421.jpg\" alt=\"\" width=\"632\" height=\"421\" srcset=\"https:\/\/ovoda.csillagberek.hu\/wp-content\/uploads\/2025\/05\/DSC_0239-632x421.jpg 632w, https:\/\/ovoda.csillagberek.hu\/wp-content\/uploads\/2025\/05\/DSC_0239-1020x680.jpg 1020w, https:\/\/ovoda.csillagberek.hu\/wp-content\/uploads\/2025\/05\/DSC_0239-768x512.jpg 768w, https:\/\/ovoda.csillagberek.hu\/wp-content\/uploads\/2025\/05\/DSC_0239-1536x1024.jpg 1536w, https:\/\/ovoda.csillagberek.hu\/wp-content\/uploads\/2025\/05\/DSC_0239-2048x1365.jpg 2048w, https:\/\/ovoda.csillagberek.hu\/wp-content\/uploads\/2025\/05\/DSC_0239-624x416.jpg 624w\" sizes=\"(max-width: 632px) 100vw, 632px\" \/><\/a><\/p>\n<p><strong>B\u00f3na L\u00e1szl\u00f3: Mindennek ideje &#8211; mindenek ideje<\/strong> (2024. okt\u00f3ber 17., cs\u00fct\u00f6rt\u00f6k 18h)<\/p>\n<p dir=\"ltr\">Mindennek megvan az ideje. Ezt a rohan\u00f3 vil\u00e1gban elfelejtj\u00fck. Pedig a ritmus megtart\u00f3 ereje minket seg\u00edthet a h\u00e9tk\u00f6znapokban. B\u00f3na L\u00e1szl\u00f3, \u00f3vod\u00e1nk visszat\u00e9r\u0151 el\u0151ad\u00f3ja keresi az \u00f6sszef\u00fcgg\u00e9seket a vil\u00e1g rendj\u00e9ben. A tavaszi Waldorf \u00d3vodapedag\u00f3gusi Konferenci\u00e1n tartott el\u0151ad\u00e1sa lesz hallhat\u00f3, most nyitott k\u00f6rben.<\/p>\n<p dir=\"ltr\">B\u00f3na L\u00e1szl\u00f3 a Homeop\u00e1ti\u00e1s Gy\u00f3gym\u0171v\u00e9szeti T\u00e1rsas\u00e1g alap\u00edt\u00f3ja, a CHE Homeopati\u00e1s Mag\u00e1niskola egyik alap\u00edt\u00f3ja, az Waldorf \u00d3v\u00f3k\u00e9pz\u00e9s tan\u00e1ra, \u00edr\u00f3, homeopata gy\u00f3gy\u00edt\u00f3.<\/p>\n<p><a href=\"https:\/\/ovoda.csillagberek.hu\/wp-content\/uploads\/2024\/10\/Bona_Laszlo_20241017_vegl.png\"><img loading=\"lazy\" class=\"alignnone size-medium wp-image-1379\" src=\"https:\/\/ovoda.csillagberek.hu\/wp-content\/uploads\/2024\/10\/Bona_Laszlo_20241017_vegl-632x331.png\" alt=\"Bona Laszlo eloadas\" width=\"632\" height=\"331\" srcset=\"https:\/\/ovoda.csillagberek.hu\/wp-content\/uploads\/2024\/10\/Bona_Laszlo_20241017_vegl-632x331.png 632w, https:\/\/ovoda.csillagberek.hu\/wp-content\/uploads\/2024\/10\/Bona_Laszlo_20241017_vegl-1020x534.png 1020w, https:\/\/ovoda.csillagberek.hu\/wp-content\/uploads\/2024\/10\/Bona_Laszlo_20241017_vegl-768x402.png 768w, https:\/\/ovoda.csillagberek.hu\/wp-content\/uploads\/2024\/10\/Bona_Laszlo_20241017_vegl-624x327.png 624w, https:\/\/ovoda.csillagberek.hu\/wp-content\/uploads\/2024\/10\/Bona_Laszlo_20241017_vegl.png 1200w\" sizes=\"(max-width: 632px) 100vw, 632px\" \/><\/a><\/p>\n<h2>2023\/24-es nevel\u00e9si \u00e9v el\u0151ad\u00e1sai<\/h2>\n<p><strong>Karkus Ott\u00f3: Milyen a ritmus megtart\u00f3 ereje?<\/strong> (2024. janu\u00e1r 18., cs\u00fct\u00f6rt\u00f6k 18h)<\/p>\n<p>A legelemibb ritmus annyira term\u00e9szetes, hogy alig figyel\u00fcnk r\u00e1. A sz\u00edv\u00fcnk dobban\u00e1sa k\u00eds\u00e9ri f\u00f6ldi \u00e9let\u00fcnket. Az \u00e9vszakok ritmusa, a term\u00e9szet \u00f6r\u00f6k k\u00f6rforg\u00e1sa, az \u00e9vk\u00f6r, a het\u00fcnk rendje, a napirend\u00fcnk keretezi a napjainkat. A l\u00fcktet\u00e9s ott rejlik a dalban, a t\u00e1ncban, a vir\u00e1gkehelyben, az es\u0151 szav\u00e1ban, a h\u00f3es\u00e9sben. Hogyan tudjuk a gyermekeink \u00e9let\u00e9t keretezni ezekkel a visszat\u00e9r\u0151 ritmusokkal?<\/p>\n<p>Err\u0151l besz\u00e9l el\u0151ad\u00f3nk a solym\u00e1ri F\u00e9szek Waldorf Iskola k\u00e9pvisel\u0151je \u00e9s oszt\u00e1lytan\u00edt\u00f3ja, Bothmer-gimnasztika tan\u00e1r \u00e9s a tan\u00e1rk\u00e9pz\u00e9sen tan\u00edt\u00f3 pedag\u00f3gus.<\/p>\n<p><strong>B\u00f3na L\u00e1szl\u00f3: A burkok burk\u00e1nak burka<\/strong> (2023. november 30., cs\u00fct\u00f6rt\u00f6k 18h)<br \/>\n<a href=\"https:\/\/ovoda.csillagberek.hu\/wp-content\/uploads\/2023\/10\/burok_eloadas_kep3.jpg\"><img loading=\"lazy\" class=\"wp-image-1240 alignleft\" src=\"https:\/\/ovoda.csillagberek.hu\/wp-content\/uploads\/2023\/10\/burok_eloadas_kep3-632x518.jpg\" alt=\"akvarell k\u00e9p - burkok\" width=\"114\" height=\"93\" srcset=\"https:\/\/ovoda.csillagberek.hu\/wp-content\/uploads\/2023\/10\/burok_eloadas_kep3-632x518.jpg 632w, https:\/\/ovoda.csillagberek.hu\/wp-content\/uploads\/2023\/10\/burok_eloadas_kep3-1020x836.jpg 1020w, https:\/\/ovoda.csillagberek.hu\/wp-content\/uploads\/2023\/10\/burok_eloadas_kep3-768x629.jpg 768w, https:\/\/ovoda.csillagberek.hu\/wp-content\/uploads\/2023\/10\/burok_eloadas_kep3-624x511.jpg 624w, https:\/\/ovoda.csillagberek.hu\/wp-content\/uploads\/2023\/10\/burok_eloadas_kep3.jpg 1079w\" sizes=\"(max-width: 114px) 100vw, 114px\" \/><\/a><\/p>\n<ul>\n<li>Mi\u00e9rt fontos a burok 0-7 \u00e9ves korig?<\/li>\n<li>Hol vannak a feln\u0151ttek burkai?<\/li>\n<\/ul>\n<p>B\u00f3na L\u00e1szl\u00f3, a Homeop\u00e1ti\u00e1s Gy\u00f3gym\u0171v\u00e9szeti T\u00e1rsas\u00e1g alap\u00edt\u00f3ja \u00e9s vezet\u0151je, a Waldorf \u00d3v\u00f3k\u00e9pz\u00e9s tan\u00e1ra, a CHE Homeop\u00e1ti\u00e1s Mag\u00e1niskola egyik l\u00e9trehoz\u00f3ja, \u00edr\u00f3, gy\u00f3gy\u00edt\u00f3, tan\u00edt\u00f3 kalauzolja a hallgat\u00f3s\u00e1got e m\u00e9ly \u00e9rtelm\u0171 k\u00e9rd\u00e9sek ment\u00e9n az \u00d3vod\u00e1nkban, mely maga is egy v\u00e9delmez\u0151 burok, \u00f6lel\u0151 kar az ide j\u00e1r\u00f3 gyermekek \u00e9s csal\u00e1dok sz\u00e1m\u00e1ra.<\/p>\n<p><strong>Prischetzky R\u00e9ka: Term\u00e9szetes gy\u00f3gym\u00f3dok az \u0151szi-t\u00e9li h\u00f3napokban <\/strong>(2023. okt\u00f3ber 19., cs\u00fct\u00f6rt\u00f6k, 18h)<\/p>\n<p>Az al\u00e1bbiakban el\u0151ad\u00f3nk, Prischetzky R\u00e9ka, k\u00e9tgyermekes \u00e9desanya, term\u00e9szetgy\u00f3gy\u00e1sz hallgat\u00f3, aromater\u00e1pi\u00e1s tan\u00e1csad\u00f3 kedvcsin\u00e1l\u00f3 sorait olvashatj\u00e1tok. R\u00e9ka az \u00d3vod\u00e1nk sz\u00fcl\u0151i k\u00f6r\u00e9nek is tagja.<\/p>\n<p>&#8220;A csal\u00e1dosok \u00e9let\u00e9ben nem szokatlan az \u0151sz k\u00f6zeledt\u00e9vel az az aggodalom, hogy vajon ebben a szezonban a gyerek(ek) betegs\u00e9gei miatt mennyit kell majd a sz\u00fcl\u0151nek kik\u00e9rnie mag\u00e1t a munkahelyr\u0151l vagy \u00e9ppen otthonr\u00f3l nehez\u00edtett k\u00f6r\u00fclm\u00e9nyek k\u00f6z\u00f6tt produkt\u00edvan dolgoznia. S\u0151t, azzal is sokunk tal\u00e1lkozott, hogy m\u00edg a gyermek n\u00e9h\u00e1ny nap alatt felgy\u00f3gyul az adott betegs\u00e9gb\u0151l, az egy feln\u0151ttnek ak\u00e1r hetekig is eltarthat gy\u0171jtve ezzel a betegszabads\u00e1gok sz\u00e1m\u00e1t.<\/p>\n<p>Ezen az el\u0151ad\u00e1son olyan term\u00e9szetes gy\u00f3gym\u00f3dokr\u00f3l, lehet\u0151s\u00e9gekr\u0151l lesz sz\u00f3, amelyek nemcsak a megbeteged\u00e9sek sz\u00e1m\u00e1t, hanem a hossz\u00fas\u00e1gukat is lecs\u00f6kkenthetik. Ez alkalommal t\u00falnyom\u00f3 r\u00e9szben az ill\u00f3olajokr\u00f3l fogok besz\u00e9lni. Bemutatom az \u0151szi &#8211; t\u00e9li szezon legfontosabb, leghasznosabb esszenci\u00e1it mind a megel\u0151z\u00e9s, mind pedig a gy\u00f3gy\u00edt\u00e1s szempontj\u00e1b\u00f3l, valamint megtan\u00edtom a haszn\u00e1latukat is. Tov\u00e1bb\u00e1 az \u00e1ltal\u00e1nos ismereteken t\u00fal konkr\u00e9t, a leggyakrabban el\u0151fordul betegs\u00e9gekre is mondok recepteket, praktik\u00e1kat. Ebben a m\u00e1sf\u00e9l \u00f3r\u00e1ban els\u0151sorban a gyerekek lesznek a k\u00f6z\u00e9ppontban, de az \u00e9rdekl\u0151d\u00e9s \u00e9s az id\u0151 f\u00fcggv\u00e9ny\u00e9ben kit\u00e9rhet\u00fcnk a feln\u0151ttek gy\u00f3gy\u00edt\u00e1s\u00e1ra is. Minden \u00e9rdekl\u0151d\u0151t szeretettel v\u00e1rok!&#8221;<\/p>\n<p>&#8220;A term\u00e9szetes gy\u00f3gym\u00f3dok seg\u00edtenek el\u00e9rni a testi, lelki \u00e9s szellemi j\u00f3l\u00e9tet.&#8221; &#8211; Susan Curtis<\/p>\n<h2>2022\/23-as tan\u00e9v el\u0151ad\u00e1sai<\/h2>\n<p><strong>Schefcsik Orsolya \u00e9s Magyar-Stenczel Em\u0151ke: Gy\u00f3gy\u00edt\u00f3 gondolatok \u00f3vod\u00e1skorban k\u00e9t gy\u00f3gypedag\u00f3gus szem\u00e9vel <\/strong>(2023. m\u00e1rcius 23., cs\u00fct\u00f6rt\u00f6k, 18h)<\/p>\n<p>A kincset \u00e9r\u0151 t\u00e9ma el\u0151ad\u00f3i, amellett, hogy gy\u00f3gypedag\u00f3gusok, \u00d3vod\u00e1nk sz\u00fcl\u0151i k\u00f6r\u00e9nek tagjai. El\u0151ad\u00e1suk sor\u00e1n az al\u00e1bbi t\u00e9m\u00e1kat j\u00e1rj\u00e1k k\u00f6rbe:<br \/>\n&#8211; hogyan fejl\u0151dik a besz\u00e9d, avagy minden mindennel \u00f6sszef\u00fcgg,<br \/>\n&#8211; mit fejleszt a Waldorf,<br \/>\n&#8211; iskola\u00e9retts\u00e9g,<br \/>\n&#8211; mi t\u00f6rt\u00e9nik egy szak\u00e9rt\u0151i vizsg\u00e1lat sor\u00e1n,<br \/>\n&#8211; fejleszt\u00e9si lehet\u0151s\u00e9gek, sz\u00e9les a paletta, mikor mit \u00e9rdemes v\u00e1lasztani?<\/p>\n<p><strong><span style=\"text-decoration: underline;\"><em>TELTH\u00c1Z!<\/em><\/span> &#8211; B\u00f3na L\u00e1szl\u00f3: \u00c9lni vagy t\u00fal\u00e9lni<\/strong> (2022. november 24., cs\u00fct\u00f6rt\u00f6k, 18h)<\/p>\n<p>B\u00f3na L\u00e1szl\u00f3 \u00edr\u00f3, el\u0151ad\u00f3, homeop\u00e1ti\u00e1s tan\u00e1csad\u00f3, tan\u00e1r, rendez\u0151, a Waldorf-\u00d3vodapedag\u00f3giai k\u00e9pz\u00e9s tan\u00e1ra, a Homeop\u00e1ti\u00e1s Gy\u00f3gym\u0171v\u00e9szeti T\u00e1rsas\u00e1g alap\u00edt\u00f3ja \u00e9s vezet\u0151je \u00e9s a CHE Homeop\u00e1ti\u00e1s Mag\u00e1niskola l\u00e9trehoz\u00f3ja besz\u00e9l nek\u00fcnk arr\u00f3l, hogyan hat r\u00e1nk a k\u00fclvil\u00e1g, hogyan tudunk a felsz\u00ednen maradni l\u00e9lekben a mostani, probl\u00e9m\u00e1kkal teli kr\u00edzishelyzetben.<\/p>\n<h2><strong>2021\/22-es tan\u00e9v el\u0151ad\u00e1sai<\/strong><\/h2>\n<p><strong>Cs\u0151sz G\u00e1bor: <span class=\"d2edcug0 hpfvmrgz qv66sw1b c1et5uql lr9zc1uh a8c37x1j fe6kdd0r mau55g9w c8b282yb keod5gw0 nxhoafnm aigsh9s9 embtmqzv teo7jy3c m6dqt4wy h7mekvxk hnhda86s oo9gr5id hzawbc8m\" dir=\"auto\"><span class=\"a8c37x1j ni8dbmo4 stjgntxs l9j0dhe7 pby63qed\"><span class=\"\">A t\u00e1pl\u00e1lkoz\u00e1s \u00fatveszt\u0151i <\/span><\/span><\/span><\/strong><span class=\"d2edcug0 hpfvmrgz qv66sw1b c1et5uql lr9zc1uh a8c37x1j fe6kdd0r mau55g9w c8b282yb keod5gw0 nxhoafnm aigsh9s9 embtmqzv teo7jy3c m6dqt4wy h7mekvxk hnhda86s oo9gr5id hzawbc8m\" dir=\"auto\"><span class=\"a8c37x1j ni8dbmo4 stjgntxs l9j0dhe7 pby63qed\"><span class=\"\">(2022. m\u00e1rcius 24., cs\u00fct\u00f6rt\u00f6k, 18:00)<\/span><\/span><\/span><\/p>\n<div class=\"kvgmc6g5 cxmmr5t8 oygrvhab hcukyx3x c1et5uql\">Napjaink sl\u00e1gert\u00e9m\u00e1ja az eg\u00e9szs\u00e9ges t\u00e1pl\u00e1lkoz\u00e1s. De vajon ez mit jelent<span class=\"pq6dq46d tbxw36s4 knj5qynh kvgmc6g5 ditlmg2l oygrvhab nvdbi5me sf5mxxl7 gl3lb2sf hhz5lgdu\"><img loading=\"lazy\" src=\"https:\/\/static.xx.fbcdn.net\/images\/emoji.php\/v9\/td3\/1.5\/16\/2753.png\" alt=\"\u2753\" width=\"16\" height=\"16\" \/><\/span>Mi az eg\u00e9szs\u00e9ges<span class=\"pq6dq46d tbxw36s4 knj5qynh kvgmc6g5 ditlmg2l oygrvhab nvdbi5me sf5mxxl7 gl3lb2sf hhz5lgdu\"><img loading=\"lazy\" src=\"https:\/\/static.xx.fbcdn.net\/images\/emoji.php\/v9\/td3\/1.5\/16\/2753.png\" alt=\"\u2753\" width=\"16\" height=\"16\" \/><\/span><span class=\"pq6dq46d tbxw36s4 knj5qynh kvgmc6g5 ditlmg2l oygrvhab nvdbi5me sf5mxxl7 gl3lb2sf hhz5lgdu\"><img loading=\"lazy\" src=\"https:\/\/static.xx.fbcdn.net\/images\/emoji.php\/v9\/t19\/1.5\/16\/2935.png\" alt=\"\u2935\ufe0f\" width=\"16\" height=\"16\" \/><\/span><\/div>\n<div class=\"cxmmr5t8 oygrvhab hcukyx3x c1et5uql o9v6fnle\"><span class=\"pq6dq46d tbxw36s4 knj5qynh kvgmc6g5 ditlmg2l oygrvhab nvdbi5me sf5mxxl7 gl3lb2sf hhz5lgdu\"><img loading=\"lazy\" src=\"https:\/\/static.xx.fbcdn.net\/images\/emoji.php\/v9\/ta2\/1.5\/16\/1f4da.png\" alt=\"\ud83d\udcda\" width=\"16\" height=\"16\" \/><\/span>El\u00e1rasztanak minket a sokszor egym\u00e1snak ellentmond\u00f3 inform\u00e1ci\u00f3k, melyek k\u00f6z\u00f6tt k\u00f6nny\u0171 elveszni. Az el\u0151ad\u00e1s c\u00e9lja, hogy feloldja az ellentmond\u00e1sokat, \u00e9s megvil\u00e1g\u00edtson olyan folyamatokat, melyekr\u0151l kev\u00e9s sz\u00f3 esik a t\u00e1pl\u00e1lkoz\u00e1s, vagy az \u00e9trendi aj\u00e1nl\u00e1sok sor\u00e1n. Az el\u0151ad\u00e1s sor\u00e1n olyan t\u00e9m\u00e1kat j\u00e1runk k\u00f6rbe, mint:<\/div>\n<div class=\"cxmmr5t8 oygrvhab hcukyx3x c1et5uql o9v6fnle\"><span class=\"pq6dq46d tbxw36s4 knj5qynh kvgmc6g5 ditlmg2l oygrvhab nvdbi5me sf5mxxl7 gl3lb2sf hhz5lgdu\"><img loading=\"lazy\" src=\"https:\/\/static.xx.fbcdn.net\/images\/emoji.php\/v9\/tba\/1.5\/16\/2705.png\" alt=\"\u2705\" width=\"16\" height=\"16\" \/><\/span>Em\u00e9szt\u0151 \u00e9s hormonrendszer m\u0171k\u00f6d\u00e9se \u00e9s betegs\u00e9gei<br \/>\n<span class=\"pq6dq46d tbxw36s4 knj5qynh kvgmc6g5 ditlmg2l oygrvhab nvdbi5me sf5mxxl7 gl3lb2sf hhz5lgdu\"><img loading=\"lazy\" src=\"https:\/\/static.xx.fbcdn.net\/images\/emoji.php\/v9\/tba\/1.5\/16\/2705.png\" alt=\"\u2705\" width=\"16\" height=\"16\" \/><\/span>T\u00e1pl\u00e1lkoz\u00e1s \u00e9s \u00e9lelmiszeripar<br \/>\n<span class=\"pq6dq46d tbxw36s4 knj5qynh kvgmc6g5 ditlmg2l oygrvhab nvdbi5me sf5mxxl7 gl3lb2sf hhz5lgdu\"><img loading=\"lazy\" src=\"https:\/\/static.xx.fbcdn.net\/images\/emoji.php\/v9\/tba\/1.5\/16\/2705.png\" alt=\"\u2705\" width=\"16\" height=\"16\" \/><\/span>Divatdi\u00e9t\u00e1k \u00e9s szem\u00e9lyre szabott \u00e9trendek<br \/>\n<span class=\"pq6dq46d tbxw36s4 knj5qynh kvgmc6g5 ditlmg2l oygrvhab nvdbi5me sf5mxxl7 gl3lb2sf hhz5lgdu\"><img loading=\"lazy\" src=\"https:\/\/static.xx.fbcdn.net\/images\/emoji.php\/v9\/tba\/1.5\/16\/2705.png\" alt=\"\u2705\" width=\"16\" height=\"16\" \/><\/span>T\u00e1pl\u00e1lkoz\u00e1ssal kapcsolatba hozhat\u00f3 idegrendszeri probl\u00e9m\u00e1k<br \/>\n<span class=\"pq6dq46d tbxw36s4 knj5qynh kvgmc6g5 ditlmg2l oygrvhab nvdbi5me sf5mxxl7 gl3lb2sf hhz5lgdu\"><img loading=\"lazy\" src=\"https:\/\/static.xx.fbcdn.net\/images\/emoji.php\/v9\/tba\/1.5\/16\/2705.png\" alt=\"\u2705\" width=\"16\" height=\"16\" \/><\/span>\u00c9telallergia \u00e9s \u00e9telintolerancia<\/div>\n<div class=\"cxmmr5t8 oygrvhab hcukyx3x c1et5uql o9v6fnle\"><span class=\"pq6dq46d tbxw36s4 knj5qynh kvgmc6g5 ditlmg2l oygrvhab nvdbi5me sf5mxxl7 gl3lb2sf hhz5lgdu\"><img loading=\"lazy\" src=\"https:\/\/static.xx.fbcdn.net\/images\/emoji.php\/v9\/td7\/1.5\/16\/1f3a4.png\" alt=\"\ud83c\udfa4\" width=\"16\" height=\"16\" \/><\/span>El\u0151ad\u00f3: Cs\u0151sz G\u00e1bor t\u00e1pl\u00e1lkoz\u00e1si \u00e9s \u00e9letm\u00f3d tan\u00e1csad\u00f3 a WinTeam alap\u00edt\u00f3ja.<\/div>\n<div class=\"cxmmr5t8 oygrvhab hcukyx3x c1et5uql o9v6fnle\"><span class=\"pq6dq46d tbxw36s4 knj5qynh kvgmc6g5 ditlmg2l oygrvhab nvdbi5me sf5mxxl7 gl3lb2sf hhz5lgdu\"><img loading=\"lazy\" src=\"https:\/\/static.xx.fbcdn.net\/images\/emoji.php\/v9\/t5\/1.5\/16\/1f4cc.png\" alt=\"\ud83d\udccc\" width=\"16\" height=\"16\" \/><\/span>Az el\u0151ad\u00e1s helysz\u00edne: Csillagberek Waldorf \u00d3voda 1042. Bp. \u00c1rp\u00e1d \u00fat 161-163.<br \/>\n<span class=\"pq6dq46d tbxw36s4 knj5qynh kvgmc6g5 ditlmg2l oygrvhab nvdbi5me sf5mxxl7 gl3lb2sf hhz5lgdu\"><img loading=\"lazy\" src=\"https:\/\/static.xx.fbcdn.net\/images\/emoji.php\/v9\/t58\/1.5\/16\/1f4c6.png\" alt=\"\ud83d\udcc6\" width=\"16\" height=\"16\" \/><\/span>Ideje: 2022.03.24. 18:00<br \/>\n<span class=\"pq6dq46d tbxw36s4 knj5qynh kvgmc6g5 ditlmg2l oygrvhab nvdbi5me sf5mxxl7 gl3lb2sf hhz5lgdu\"><img loading=\"lazy\" src=\"https:\/\/static.xx.fbcdn.net\/images\/emoji.php\/v9\/t5\/1.5\/16\/1f3ab.png\" alt=\"\ud83c\udfab\" width=\"16\" height=\"16\" \/><\/span>Az el\u0151ad\u00e1son val\u00f3 r\u00e9szv\u00e9telhez a hozz\u00e1j\u00e1rul\u00e1s 2000 Ft\/f\u0151<\/div>\n<div class=\"cxmmr5t8 oygrvhab hcukyx3x c1et5uql o9v6fnle\">Ezen az est\u00e9n, k\u00e9rj\u00fck, a gyerekeket b\u00edzz\u00e1tok m\u00e1sra.<\/div>\n<div class=\"cxmmr5t8 oygrvhab hcukyx3x c1et5uql o9v6fnle\"><span class=\"pq6dq46d tbxw36s4 knj5qynh kvgmc6g5 ditlmg2l oygrvhab nvdbi5me sf5mxxl7 gl3lb2sf hhz5lgdu\"><img loading=\"lazy\" src=\"https:\/\/static.xx.fbcdn.net\/images\/emoji.php\/v9\/t15\/1.5\/16\/2139.png\" alt=\"\u2139\" width=\"16\" height=\"16\" \/><\/span>Tov\u00e1bbi inform\u00e1ci\u00f3 az el\u0151ad\u00f3r\u00f3l:<br \/>\n<span class=\"pq6dq46d tbxw36s4 knj5qynh kvgmc6g5 ditlmg2l oygrvhab nvdbi5me sf5mxxl7 gl3lb2sf hhz5lgdu\"><img loading=\"lazy\" src=\"https:\/\/static.xx.fbcdn.net\/images\/emoji.php\/v9\/t25\/1.5\/16\/27a1.png\" alt=\"\u27a1\ufe0f\" width=\"16\" height=\"16\" \/><\/span>https:\/\/win-team.hu\/bemutatkozas.html<br \/>\n<span class=\"pq6dq46d tbxw36s4 knj5qynh kvgmc6g5 ditlmg2l oygrvhab nvdbi5me sf5mxxl7 gl3lb2sf hhz5lgdu\"><img loading=\"lazy\" src=\"https:\/\/static.xx.fbcdn.net\/images\/emoji.php\/v9\/t25\/1.5\/16\/27a1.png\" alt=\"\u27a1\ufe0f\" width=\"16\" height=\"16\" \/><\/span>https:\/\/www.facebook.com\/winteamofficial\/<\/div>\n<div><\/div>\n<p dir=\"auto\">\n<p class=\"gmql0nx0 l94mrbxd p1ri9a11 lzcic4wl d2edcug0 hpfvmrgz\" dir=\"auto\"><strong><span class=\"d2edcug0 hpfvmrgz qv66sw1b c1et5uql lr9zc1uh a8c37x1j keod5gw0 nxhoafnm aigsh9s9 embtmqzv fe6kdd0r mau55g9w c8b282yb teo7jy3c m6dqt4wy h7mekvxk hnhda86s oo9gr5id hzawbc8m\" dir=\"auto\"><span class=\"a8c37x1j ni8dbmo4 stjgntxs l9j0dhe7 pby63qed\"><span class=\"\">B\u00f3na L\u00e1szl\u00f3: Modern \u00e9let &#8211; r\u00e9gi mes\u00e9k<\/span><\/span><\/span><\/strong><span class=\"d2edcug0 hpfvmrgz qv66sw1b c1et5uql lr9zc1uh a8c37x1j keod5gw0 nxhoafnm aigsh9s9 embtmqzv fe6kdd0r mau55g9w c8b282yb teo7jy3c m6dqt4wy h7mekvxk hnhda86s oo9gr5id hzawbc8m\" dir=\"auto\"><span class=\"a8c37x1j ni8dbmo4 stjgntxs l9j0dhe7 pby63qed\"><span class=\"\"> (<\/span><\/span><\/span><span class=\"d2edcug0 hpfvmrgz qv66sw1b c1et5uql lr9zc1uh a8c37x1j keod5gw0 nxhoafnm aigsh9s9 embtmqzv fe6kdd0r mau55g9w c8b282yb teo7jy3c m6dqt4wy h7mekvxk hnhda86s oo9gr5id hzawbc8m\" dir=\"auto\"><span class=\"a8c37x1j ni8dbmo4 stjgntxs l9j0dhe7 pby63qed\"><span class=\"\">2021. szeptember 22., 18:00<\/span><\/span><\/span><span class=\"d2edcug0 hpfvmrgz qv66sw1b c1et5uql lr9zc1uh a8c37x1j keod5gw0 nxhoafnm aigsh9s9 embtmqzv fe6kdd0r mau55g9w c8b282yb teo7jy3c m6dqt4wy h7mekvxk hnhda86s oo9gr5id hzawbc8m\" dir=\"auto\"><span class=\"a8c37x1j ni8dbmo4 stjgntxs l9j0dhe7 pby63qed\"><span class=\"\">)<\/span><\/span><\/span><\/p>\n<p><span class=\"d2edcug0 hpfvmrgz qv66sw1b c1et5uql lr9zc1uh a8c37x1j keod5gw0 nxhoafnm aigsh9s9 d3f4x2em fe6kdd0r mau55g9w c8b282yb iv3no6db jq4qci2q a3bd9o3v b1v8xokw oo9gr5id\" dir=\"auto\">B\u00f3na L\u00e1szl\u00f3 \u00edr\u00f3, el\u0151ad\u00f3, tan\u00e1r, rendez\u0151 \u00e9s homeop\u00e1ti\u00e1s tan\u00e1csad\u00f3 fejtegeti a m\u00falt \u00fczenet\u00e9t.<\/span><\/p>\n<p><strong>Wagner Andrea: Borogat\u00e1sok, gy\u00f3gy\u00edt\u00f3 pakol\u00e1sok, gyakorlati ismeretek az otthoni gyermek\u00e1pol\u00e1sban<\/strong> (2021. okt\u00f3ber 6., 18:00)<\/p>\n<div>\n<div class=\"kvgmc6g5 cxmmr5t8 oygrvhab hcukyx3x c1et5uql\">Wagner Andrea azokr\u00f3l a r\u00e9gi, bev\u00e1lt praktik\u00e1kr\u00f3l besz\u00e9l nek\u00fcnk, amikkel seg\u00edthetj\u00fck gyermekeinket az \u0151szi nyavaly\u00e1kat mihamarabb legy\u0151zni. Ezekkel \u00e9s szeretettel a tarsolyunkban magunk is magabiztosabban ny\u00falunk majd a hagyom\u00e1nyos m\u00f3dszerekhez. Nem kell felt\u00e9tlen\u00fcl k\u00e9sz term\u00e9kekhez folyamodnunk.<\/div>\n<div><\/div>\n<div class=\"o9v6fnle cxmmr5t8 oygrvhab hcukyx3x c1et5uql\">\n<div class=\"oajrlxb2 g5ia77u1 qu0x051f esr5mh6w e9989ue4 r7d6kgcz rq0escxv nhd2j8a9 nc684nl6 p7hjln8o kvgmc6g5 cxmmr5t8 oygrvhab hcukyx3x jb3vyjys rz4wbd8a qt6c0cv9 a8nywdso i1ao9s8h esuyzwwr f1sip0of lzcic4wl oo9gr5id gpro0wi8 lrazzd5p\" tabindex=\"0\" role=\"button\"><\/div>\n<\/div>\n<\/div>\n<div><\/div>\n<p><a href=\"https:\/\/ovoda.csillagberek.hu\/wp-content\/uploads\/2017\/10\/2013.iskol\u00e1ba-men\u0151k-023.jpg\"><img loading=\"lazy\" class=\"alignnone size-medium wp-image-496\" src=\"https:\/\/ovoda.csillagberek.hu\/wp-content\/uploads\/2017\/10\/2013.iskol\u00e1ba-men\u0151k-023-632x474.jpg\" alt=\"\" width=\"632\" height=\"474\" srcset=\"https:\/\/ovoda.csillagberek.hu\/wp-content\/uploads\/2017\/10\/2013.iskol\u00e1ba-men\u0151k-023-632x474.jpg 632w, https:\/\/ovoda.csillagberek.hu\/wp-content\/uploads\/2017\/10\/2013.iskol\u00e1ba-men\u0151k-023-768x576.jpg 768w, https:\/\/ovoda.csillagberek.hu\/wp-content\/uploads\/2017\/10\/2013.iskol\u00e1ba-men\u0151k-023-1020x765.jpg 1020w, https:\/\/ovoda.csillagberek.hu\/wp-content\/uploads\/2017\/10\/2013.iskol\u00e1ba-men\u0151k-023-624x468.jpg 624w, https:\/\/ovoda.csillagberek.hu\/wp-content\/uploads\/2017\/10\/2013.iskol\u00e1ba-men\u0151k-023.jpg 1936w\" sizes=\"(max-width: 632px) 100vw, 632px\" \/><\/a><\/p>\n<h2><strong>2019\/20-as tan\u00e9v el\u0151ad\u00e1sai<\/strong><\/h2>\n<p><strong>Karkus Ott\u00f3<\/strong> vend\u00e9g\u00fcnk, <strong>Ki nevel kit?<\/strong> c\u00edmmel tart majd gondolat\u00e9breszt\u0151 el\u0151ad\u00e1st. Karkus Ott\u00f3, a solym\u00e1ri F\u00e9szek Waldorf Iskola vezet\u0151je \u00e9s bothmer-gimnasztika tan\u00e1ra ismeri a gyermekl\u00e9lek minden zeg\u00e9t-zug\u00e1t, tudja melyik \u00e9letkorban mi a legjobb a gyerekeknek, minek \u00f6r\u00fclnek, mi b\u00e1nthatja \u0151ket, mi\u00e9rt lehetnek b\u00fcszk\u00e9k, \u00e9s mi az, ami miatt legsz\u00edvesebben vil\u00e1gg\u00e1 menn\u00e9nek.<br \/>\nMost arr\u00f3l besz\u00e9lget\u00fcnk ki nevel kit? Kinek kell a hat\u00e1rokat kijel\u00f6lni? Hogyan kell figyelni a kisgyerekre.<\/p>\n<p><strong>Martin Keizer<\/strong>, m\u0171v\u00e9szetterapeuta. <strong>&#8220;A n\u0151i min\u0151s\u00e9g mint M\u00e1ria,\u00a0 Isis-S\u00f3phia-M\u00e1ria&#8221;<\/strong> 2019. okt\u00f3ber 16.<\/p>\n<p><strong>B\u00f3na L\u00e1szl\u00f3<\/strong> \u00edr\u00f3, gy\u00f3gy\u00edt\u00f3, tan\u00edt\u00f3, a Waldorf-\u00d3vodapedag\u00f3giai k\u00e9pz\u00e9s tan\u00e1ra, a Homeop\u00e1ti\u00e1s Gy\u00f3gym\u0171v\u00e9szeti T\u00e1rsas\u00e1g alap\u00edt\u00f3ja \u00e9s vezet\u0151je \u00e9s a CHE Homeop\u00e1ti\u00e1s Mag\u00e1niskola l\u00e9trehoz\u00f3ja, aki a kisgyermekek szexu\u00e1lis \u00e9rdekl\u0151d\u00e9s\u00e9r\u0151l besz\u00e9l nek\u00fcnk. 2020. janu\u00e1r 15<\/p>\n<h2><strong>2018\/2019-es tan\u00e9v el\u0151ad\u00e1sa<\/strong>i<\/h2>\n<p><strong>B\u00f3na L\u00e1szl\u00f3<\/strong> irodalm\u00e1r, a Waldorf \u00d3v\u00f3k\u00e9pz\u00e9s tan\u00e1ra, homeopata. \u00a0\u00daj \u00e9s r\u00e9gi &#8211; r\u00e9gi \u00e9s \u00faj<\/p>\n<p><strong>Martin Keizer<\/strong>, m\u0171v\u00e9szetterapeuta. A gyermek k\u00eds\u00e9r\u00e9se az angyali seg\u00edt\u0151k \u00e9s sz\u00fcl\u0151i er\u0151k \u00e1ltal<\/p>\n<h2><strong>2017\/2018-as tan\u00e9v el\u0151ad\u00e1sai<\/strong><\/h2>\n<p><strong>Be\u00f6thy Hanna<\/strong> a Waldorf \u00d3v\u00f3k\u00e9pz\u00e9s tan\u00e1ra, Waldorf tan\u00e1r &#8211; Mi is az a waldorf?<br \/>\nK\u00f6zeleg az \u00f3vodai jelentkez\u00e9sek bead\u00e1s\u00e1nak id\u0151szaka, a lehet\u0151s\u00e9geket felt\u00e9rk\u00e9pez\u0151, \u00e9s a Waldorfot szimpatikusnak \u00e9rz\u0151 csal\u00e1dokban pedig term\u00e9szetes m\u00f3don sz\u00e1mos k\u00e9rd\u00e9s felmer\u00fcl. Ezek egy r\u00e9sz\u00e9re &#8211; f\u0151leg gyakorlati oldalr\u00f3l &#8211; a t\u00e1j\u00e9koztat\u00f3 estek v\u00e1laszt adnak, j\u00f3 r\u00e9sz\u00fckre viszont kev\u00e9sb\u00e9. El\u0151ad\u00f3nk sok szeretettel \u00e9s m\u00e9lys\u00e9ges pedag\u00f3giai tud\u00e1ssal hozza k\u00f6zelebb hozz\u00e1nk a Waldorfot. Vajon csodabog\u00e1rnak n\u00e9znek, ha waldorfos vagy? A k\u00f6rnyezetedben sz\u00e1mos &#8220;t\u00e9vhit&#8221; kering? Szeretn\u00e9l<span class=\"text_exposed_show\"> tiszt\u00e1n l\u00e1tni, esetleg olyan v\u00e1laszokat kapni, amely a t\u00e1gabb csal\u00e1dnak is t\u00e1mpontul szolg\u00e1l?<br \/>\nBesz\u00e9l\u00fcnk arr\u00f3l, mi\u00e9rt \u00e9rezz\u00fck \u00fagy, hogy a gyermekeinknek legjobb v\u00e1laszt\u00e1s a Waldorf ovi, \u00e9s mit jelent ez a csal\u00e1d mindennapi \u00e9let\u00e9ben.<\/span><\/p>\n<p><strong>Martin Keizer<\/strong>, haz\u00e1nkban \u00e9l\u0151 holland m\u0171v\u00e9szetterapeuta: A kisgyermekek \u00e1pol\u00e1sa, gondoz\u00e1sa, \u00e9rz\u00e9kel\u00e9se h\u00e9t \u00e9ves ciklusok szempontj\u00e1b\u00f3l. Mi az aminek meg kell t\u00f6rt\u00e9nnie a kisgyermekkel, hogy eg\u00e9szs\u00e9ges lelk\u00fclet\u0171 feln\u0151tt legyen?<\/p>\n<p><strong>Dr. Sz\u0151ke Henrik<\/strong> antropoz\u00f3fus orvos a kisgyermekekr\u0151l mes\u00e9l nek\u00fcnk a 12 \u00e9rz\u00e9ken kereszt\u00fcl. Mik ezek az \u00e9rz\u00e9kek? Az antropoz\u00f3fia szerint az embernek 12 \u00e9rz\u00e9ke van, mely mindegyik\u00e9hez k\u00fcl\u00f6n \u00e9rz\u00e9kszerv tartozik. A Testi \u00e9rz\u00e9kek, azaz saj\u00e1t test \u00e9rz\u00e9kel\u00e9se: tapint\u00e1s, \u00e9let\u00e9rz\u00e9k, saj\u00e1t-mozg\u00e1s \u00e9rz\u00e9k, egyens\u00faly\u00e9rz\u00e9k; a Lelki \u00e9rz\u00e9kek, azaz a vil\u00e1ggal val\u00f3 kapcsola<span class=\"text_exposed_show\">tot megteremt\u0151 \u00e9rz\u00e9kek: szagl\u00e1s, \u00edzlel\u00e9s, l\u00e1t\u00e1s, h\u0151\u00e9rz\u00e9k; valamint a Szellemi \u00e9rz\u00e9kek, azaz embereket \u00f6sszekapcsol\u00f3, rejtettebb \u00e9rz\u00e9kek: hall\u00e1s, sz\u00f3- vagy besz\u00e9d\u00e9rz\u00e9k, gondolat- vagy fogalom\u00e9rz\u00e9k, \u00e9n-\u00e9rz\u00e9k.<\/span><\/p>\n<p><strong>B\u00f3na L\u00e1szl\u00f3<\/strong> irodalm\u00e1r, a Waldorf \u00d3v\u00f3k\u00e9pz\u00e9s tan\u00e1ra, homeopata <span class=\"_4n-j _3cht fsl\" data-testid=\"event-permalink-details\">&#8220;Ki mit tud?&#8221;\u00a0\u00a0 <\/span>Mikor mit kell tudni az \u00e9letben \u00e9s mit nem kell?<br \/>\nHonnan j\u00f6n a tud\u00e1s?<br \/>\nVan-e egy\u00e1ltal\u00e1n \u00e9rtelemre hat\u00f3 nevel\u00e9s?<br \/>\nMilyen a gyermeki \u00e9s milyen a feln\u0151tti k\u00e9pzelet?<br \/>\n\u00c9s milyen a gyermek \u00e9s milyen a feln\u0151tt val\u00f3s\u00e1ga?<br \/>\nMi az alkot\u00f3 k\u00e9pzelet \u00e9s mik az \u00e1rtalmas v\u00edzi\u00f3k?<span class=\"text_exposed_show\"><br \/>\nHogyan \u00e1rthatunk \u00e9s hogyan seg\u00edthet\u00fcnk a k\u00e9pzeletnek?<\/span><\/p>\n","protected":false},"excerpt":{"rendered":"<p>Kedves Waldorf-\u00e9rdekl\u0151d\u00e9s\u0171, vagy m\u00e1r waldorfos sz\u00fcl\u0151, pedag\u00f3gus! HA SZERETN\u00c9L \u00c9RTES\u00dcLNI EL\u0150AD\u00c1SAINKR\u00d3L \u00c9S KIADV\u00c1NYAINKR\u00d3L, EZEN A LINKEN FELIRATKOZHATSZ H\u00cdRLEVEL\u00dcNKRE: h\u00edrlev\u00e9l A Csillagberek Waldorf \u00d3voda imm\u00e1r hagyom\u00e1nyosan tan\u00e9venk\u00e9nt n\u00e9h\u00e1ny alkalommal el\u0151ad\u00e1st szervez olyan \u00e9rdekes t\u00e9mak\u00f6r\u00f6kben, amelyek r\u00e9v\u00e9n m\u00e9g k\u00f6zelebb ker\u00fclhet\u00fcnk gyermekeinkhez, jobban meg\u00e9rtve \u0151ket, seg\u00edtve \u0151ket a boldog gyermekkoron \u00e1t a boldog feln\u0151tt\u00e9 v\u00e1l\u00e1sban. Neves, szak\u00e9rt\u0151 el\u0151ad\u00f3ink [&hellip;]<\/p>\n","protected":false},"author":6,"featured_media":0,"parent":0,"menu_order":0,"comment_status":"closed","ping_status":"closed","template":"","meta":[],"_links":{"self":[{"href":"https:\/\/ovoda.csillagberek.hu\/index.php?rest_route=\/wp\/v2\/pages\/494"}],"collection":[{"href":"https:\/\/ovoda.csillagberek.hu\/index.php?rest_route=\/wp\/v2\/pages"}],"about":[{"href":"https:\/\/ovoda.csillagberek.hu\/index.php?rest_route=\/wp\/v2\/types\/page"}],"author":[{"embeddable":true,"href":"https:\/\/ovoda.csillagberek.hu\/index.php?rest_route=\/wp\/v2\/users\/6"}],"replies":[{"embeddable":true,"href":"https:\/\/ovoda.csillagberek.hu\/index.php?rest_route=%2Fwp%2Fv2%2Fcomments&post=494"}],"version-history":[{"count":90,"href":"https:\/\/ovoda.csillagberek.hu\/index.php?rest_route=\/wp\/v2\/pages\/494\/revisions"}],"predecessor-version":[{"id":1667,"href":"https:\/\/ovoda.csillagberek.hu\/index.php?rest_route=\/wp\/v2\/pages\/494\/revisions\/1667"}],"wp:attachment":[{"href":"https:\/\/ovoda.csillagberek.hu\/index.php?rest_route=%2Fwp%2Fv2%2Fmedia&parent=494"}],"curies":[{"name":"wp","href":"https:\/\/api.w.org\/{rel}","templated":true}]}}